{"id":10452,"date":"2024-08-08T19:59:36","date_gmt":"2024-08-08T19:59:36","guid":{"rendered":"https:\/\/canbenetvives.org\/?page_id=10452"},"modified":"2024-08-30T17:37:58","modified_gmt":"2024-08-30T17:37:58","slug":"parque-natural","status":"publish","type":"page","link":"https:\/\/canbenetvives.org\/english\/parque-natural","title":{"rendered":"Natural Park"},"content":{"rendered":"\t\t<div data-elementor-type=\"wp-page\" data-elementor-id=\"10452\" class=\"elementor elementor-10452\" data-elementor-post-type=\"page\">\n\t\t\t\t<div class=\"elementor-element elementor-element-9e4c6fc e-con-full e-flex e-con e-parent\" data-id=\"9e4c6fc\" data-element_type=\"container\" data-e-type=\"container\" data-settings=\"{&quot;background_background&quot;:&quot;classic&quot;,&quot;background_motion_fx_range&quot;:&quot;page&quot;,&quot;background_motion_fx_motion_fx_scrolling&quot;:&quot;yes&quot;,&quot;background_motion_fx_opacity_effect&quot;:&quot;yes&quot;,&quot;background_motion_fx_opacity_direction&quot;:&quot;in-out&quot;,&quot;background_motion_fx_opacity_range&quot;:{&quot;unit&quot;:&quot;%&quot;,&quot;size&quot;:&quot;&quot;,&quot;sizes&quot;:{&quot;start&quot;:0,&quot;end&quot;:48}},&quot;background_motion_fx_opacity_level&quot;:{&quot;unit&quot;:&quot;px&quot;,&quot;size&quot;:10,&quot;sizes&quot;:[]},&quot;background_motion_fx_devices&quot;:[&quot;widescreen&quot;,&quot;desktop&quot;,&quot;laptop&quot;,&quot;tablet_extra&quot;,&quot;tablet&quot;,&quot;mobile_extra&quot;,&quot;mobile&quot;]}\">\n\t\t\t\t<div class=\"elementor-element elementor-element-48b7b48 titulo elementor-widget elementor-widget-heading\" data-id=\"48b7b48\" data-element_type=\"widget\" data-e-type=\"widget\" data-widget_type=\"heading.default\">\n\t\t\t\t<div class=\"elementor-widget-container\">\n\t\t\t\t\t<h1 class=\"elementor-heading-title elementor-size-default\">Parque natural<\/h1>\t\t\t\t<\/div>\n\t\t\t\t<\/div>\n\t\t\t\t<\/div>\n\t\t<div class=\"elementor-element elementor-element-67e209d e-con-full e-flex e-con e-parent\" data-id=\"67e209d\" data-element_type=\"container\" data-e-type=\"container\">\n\t\t\t\t<div class=\"elementor-element elementor-element-7990449 titulo-seccion elementor-widget elementor-widget-heading\" data-id=\"7990449\" data-element_type=\"widget\" data-e-type=\"widget\" data-widget_type=\"heading.default\">\n\t\t\t\t<div class=\"elementor-widget-container\">\n\t\t\t\t\t<h2 class=\"elementor-heading-title elementor-size-default\">El Parc del Montnegre y el Corredor<\/h2>\t\t\t\t<\/div>\n\t\t\t\t<\/div>\n\t\t\t\t<div class=\"elementor-element elementor-element-95f7c51 parrafo-Animate elementor-widget elementor-widget-text-editor\" data-id=\"95f7c51\" data-element_type=\"widget\" data-e-type=\"widget\" data-widget_type=\"text-editor.default\">\n\t\t\t\t<div class=\"elementor-widget-container\">\n\t\t\t\t\t\t\t\t\t<p>es un espacio natural protegido de 15.000 hect\u00e1reas, que recientemente ha sido nombrado, gracias a la mediaci\u00f3n de Can Benet Vives, Primer Parque de Silencio en Espa\u00f1a.<\/p><p>Alberga 13 municipios de las comarcas catalanas del Maresme y del Vall\u00e8s Oriental. El Parc del Montnegre y el Corredor est\u00e1 integrado por dos conjuntos monta\u00f1osos, que se levantan entre el mar y la llanura del Vall\u00e8s, paisajes que se aprecian perfectamente desde el campus.<\/p>\t\t\t\t\t\t\t\t<\/div>\n\t\t\t\t<\/div>\n\t\t\t\t<\/div>\n\t\t<div class=\"elementor-element elementor-element-83693b2 e-con-full e-flex e-con e-parent\" data-id=\"83693b2\" data-element_type=\"container\" data-e-type=\"container\" data-settings=\"{&quot;background_background&quot;:&quot;classic&quot;}\">\n\t\t<div class=\"elementor-element elementor-element-adcefd3 e-con-full e-flex e-con e-child\" data-id=\"adcefd3\" data-element_type=\"container\" data-e-type=\"container\">\n\t\t\t\t<div class=\"elementor-element elementor-element-6da7d3a elementor-widget__width-inherit elementor-widget elementor-widget-image\" data-id=\"6da7d3a\" data-element_type=\"widget\" data-e-type=\"widget\" data-widget_type=\"image.default\">\n\t\t\t\t<div class=\"elementor-widget-container\">\n\t\t\t\t\t\t\t\t\t\t\t\t\t\t\t<img fetchpriority=\"high\" decoding=\"async\" width=\"8333\" height=\"717\" src=\"https:\/\/canbenetvives.org\/wp-content\/uploads\/2024\/08\/simbolos-11.png\" class=\"attachment-full size-full wp-image-12902\" alt=\"\" srcset=\"https:\/\/canbenetvives.org\/wp-content\/uploads\/2024\/08\/simbolos-11.png 8333w, https:\/\/canbenetvives.org\/wp-content\/uploads\/2024\/08\/simbolos-11-300x26.png 300w, https:\/\/canbenetvives.org\/wp-content\/uploads\/2024\/08\/simbolos-11-1024x88.png 1024w, https:\/\/canbenetvives.org\/wp-content\/uploads\/2024\/08\/simbolos-11-768x66.png 768w, https:\/\/canbenetvives.org\/wp-content\/uploads\/2024\/08\/simbolos-11-1536x132.png 1536w, https:\/\/canbenetvives.org\/wp-content\/uploads\/2024\/08\/simbolos-11-2048x176.png 2048w, https:\/\/canbenetvives.org\/wp-content\/uploads\/2024\/08\/simbolos-11-1080x93.png 1080w, https:\/\/canbenetvives.org\/wp-content\/uploads\/2024\/08\/simbolos-11-1280x110.png 1280w, https:\/\/canbenetvives.org\/wp-content\/uploads\/2024\/08\/simbolos-11-980x84.png 980w, https:\/\/canbenetvives.org\/wp-content\/uploads\/2024\/08\/simbolos-11-480x41.png 480w\" sizes=\"(max-width: 8333px) 100vw, 8333px\" \/>\t\t\t\t\t\t\t\t\t\t\t\t\t\t\t<\/div>\n\t\t\t\t<\/div>\n\t\t\t\t<div class=\"elementor-element elementor-element-832b0f5 parrafo-Animate elementor-widget elementor-widget-text-editor\" data-id=\"832b0f5\" data-element_type=\"widget\" data-e-type=\"widget\" data-widget_type=\"text-editor.default\">\n\t\t\t\t<div class=\"elementor-widget-container\">\n\t\t\t\t\t\t\t\t\t<p>Al norte de este conjunto est\u00e1 el Montnegre, una elevaci\u00f3n m\u00e1s contundente que el Corredor y que presenta las altitudes m\u00e1ximas del conjunto en la colina Gros y la colina de Vives.<\/p><p>Ambas sierras tienen el punto de contacto en el collado de Collsacreu. Can Benet Vives est\u00e1 a una altura s.n.m. de 550 metros.<\/p>\t\t\t\t\t\t\t\t<\/div>\n\t\t\t\t<\/div>\n\t\t\t\t<div class=\"elementor-element elementor-element-41eb7e6 elementor-widget__width-inherit elementor-widget elementor-widget-image\" data-id=\"41eb7e6\" data-element_type=\"widget\" data-e-type=\"widget\" data-widget_type=\"image.default\">\n\t\t\t\t<div class=\"elementor-widget-container\">\n\t\t\t\t\t\t\t\t\t\t\t\t\t\t\t<img fetchpriority=\"high\" decoding=\"async\" width=\"8333\" height=\"717\" src=\"https:\/\/canbenetvives.org\/wp-content\/uploads\/2024\/08\/simbolos-11.png\" class=\"attachment-full size-full wp-image-12902\" alt=\"\" srcset=\"https:\/\/canbenetvives.org\/wp-content\/uploads\/2024\/08\/simbolos-11.png 8333w, https:\/\/canbenetvives.org\/wp-content\/uploads\/2024\/08\/simbolos-11-300x26.png 300w, https:\/\/canbenetvives.org\/wp-content\/uploads\/2024\/08\/simbolos-11-1024x88.png 1024w, https:\/\/canbenetvives.org\/wp-content\/uploads\/2024\/08\/simbolos-11-768x66.png 768w, https:\/\/canbenetvives.org\/wp-content\/uploads\/2024\/08\/simbolos-11-1536x132.png 1536w, https:\/\/canbenetvives.org\/wp-content\/uploads\/2024\/08\/simbolos-11-2048x176.png 2048w, https:\/\/canbenetvives.org\/wp-content\/uploads\/2024\/08\/simbolos-11-1080x93.png 1080w, https:\/\/canbenetvives.org\/wp-content\/uploads\/2024\/08\/simbolos-11-1280x110.png 1280w, https:\/\/canbenetvives.org\/wp-content\/uploads\/2024\/08\/simbolos-11-980x84.png 980w, https:\/\/canbenetvives.org\/wp-content\/uploads\/2024\/08\/simbolos-11-480x41.png 480w\" sizes=\"(max-width: 8333px) 100vw, 8333px\" \/>\t\t\t\t\t\t\t\t\t\t\t\t\t\t\t<\/div>\n\t\t\t\t<\/div>\n\t\t\t\t<\/div>\n\t\t<div class=\"elementor-element elementor-element-f4d2cfb e-con-full e-flex e-con e-child\" data-id=\"f4d2cfb\" data-element_type=\"container\" data-e-type=\"container\" data-settings=\"{&quot;background_background&quot;:&quot;classic&quot;}\">\n\t\t\t\t<\/div>\n\t\t\t\t<\/div>\n\t\t<div class=\"elementor-element elementor-element-6caddff e-flex e-con-boxed e-con e-parent\" data-id=\"6caddff\" data-element_type=\"container\" data-e-type=\"container\">\n\t\t\t\t\t<div class=\"e-con-inner\">\n\t\t\t\t<div class=\"elementor-element elementor-element-d0f5a89 elementor-skin-carousel elementor-widget elementor-widget-media-carousel\" data-id=\"d0f5a89\" data-element_type=\"widget\" data-e-type=\"widget\" data-settings=\"{&quot;slides_per_view&quot;:&quot;3&quot;,&quot;slides_to_scroll&quot;:&quot;1&quot;,&quot;space_between&quot;:{&quot;unit&quot;:&quot;px&quot;,&quot;size&quot;:5,&quot;sizes&quot;:[]},&quot;autoplay_speed&quot;:2000,&quot;skin&quot;:&quot;carousel&quot;,&quot;effect&quot;:&quot;slide&quot;,&quot;speed&quot;:500,&quot;autoplay&quot;:&quot;yes&quot;,&quot;loop&quot;:&quot;yes&quot;,&quot;space_between_widescreen&quot;:{&quot;unit&quot;:&quot;px&quot;,&quot;size&quot;:10,&quot;sizes&quot;:[]},&quot;space_between_laptop&quot;:{&quot;unit&quot;:&quot;px&quot;,&quot;size&quot;:10,&quot;sizes&quot;:[]},&quot;space_between_tablet_extra&quot;:{&quot;unit&quot;:&quot;px&quot;,&quot;size&quot;:10,&quot;sizes&quot;:[]},&quot;space_between_tablet&quot;:{&quot;unit&quot;:&quot;px&quot;,&quot;size&quot;:10,&quot;sizes&quot;:[]},&quot;space_between_mobile_extra&quot;:{&quot;unit&quot;:&quot;px&quot;,&quot;size&quot;:10,&quot;sizes&quot;:[]},&quot;space_between_mobile&quot;:{&quot;unit&quot;:&quot;px&quot;,&quot;size&quot;:10,&quot;sizes&quot;:[]}}\" data-widget_type=\"media-carousel.default\">\n\t\t\t\t<div class=\"elementor-widget-container\">\n\t\t\t\t\t\t\t\t\t<div class=\"elementor-swiper\">\n\t\t\t\t\t<div class=\"elementor-main-swiper swiper\" role=\"region\" aria-roledescription=\"carousel\" aria-label=\"Slides\">\n\t\t\t\t<div class=\"swiper-wrapper\">\n\t\t\t\t\t\t\t\t\t\t\t<div class=\"swiper-slide\" role=\"group\" aria-roledescription=\"slide\">\n\t\t\t\t\t\t\t\t\t<div class=\"elementor-carousel-image\" role=\"img\" aria-label=\"fotos-Julen (23)\" style=\"background-image: url(&#039;https:\/\/canbenetvives.org\/wp-content\/uploads\/2024\/08\/fotos-Julen-23.jpeg&#039;)\">\n\n\t\t\t\n\t\t\t\t\t<\/div>\n\t\t\t\t\t\t\t\t<\/div>\n\t\t\t\t\t\t\t\t\t\t\t<div class=\"swiper-slide\" role=\"group\" aria-roledescription=\"slide\">\n\t\t\t\t\t\t\t\t\t<div class=\"elementor-carousel-image\" role=\"img\" aria-label=\"fotos-Julen (20)\" style=\"background-image: url(&#039;https:\/\/canbenetvives.org\/wp-content\/uploads\/2024\/08\/fotos-Julen-20.jpeg&#039;)\">\n\n\t\t\t\n\t\t\t\t\t<\/div>\n\t\t\t\t\t\t\t\t<\/div>\n\t\t\t\t\t\t\t\t\t\t\t<div class=\"swiper-slide\" role=\"group\" aria-roledescription=\"slide\">\n\t\t\t\t\t\t\t\t\t<div class=\"elementor-carousel-image\" role=\"img\" aria-label=\"fotos-Julen (16)\" style=\"background-image: url(&#039;https:\/\/canbenetvives.org\/wp-content\/uploads\/2024\/08\/fotos-Julen-16-rotated.jpeg&#039;)\">\n\n\t\t\t\n\t\t\t\t\t<\/div>\n\t\t\t\t\t\t\t\t<\/div>\n\t\t\t\t\t\t\t\t\t\t\t<div class=\"swiper-slide\" role=\"group\" aria-roledescription=\"slide\">\n\t\t\t\t\t\t\t\t\t<div class=\"elementor-carousel-image\" role=\"img\" aria-label=\"fotos-Julen (11)\" style=\"background-image: url(&#039;https:\/\/canbenetvives.org\/wp-content\/uploads\/2024\/08\/fotos-Julen-11-rotated.jpeg&#039;)\">\n\n\t\t\t\n\t\t\t\t\t<\/div>\n\t\t\t\t\t\t\t\t<\/div>\n\t\t\t\t\t\t\t\t\t\t\t<div class=\"swiper-slide\" role=\"group\" aria-roledescription=\"slide\">\n\t\t\t\t\t\t\t\t\t<div class=\"elementor-carousel-image\" role=\"img\" aria-label=\"fotos-Julen (9)\" style=\"background-image: url(&#039;https:\/\/canbenetvives.org\/wp-content\/uploads\/2024\/08\/fotos-Julen-9-rotated.jpeg&#039;)\">\n\n\t\t\t\n\t\t\t\t\t<\/div>\n\t\t\t\t\t\t\t\t<\/div>\n\t\t\t\t\t\t\t\t\t\t\t<div class=\"swiper-slide\" role=\"group\" aria-roledescription=\"slide\">\n\t\t\t\t\t\t\t\t\t<div class=\"elementor-carousel-image\" role=\"img\" aria-label=\"fotos-Julen (51)\" style=\"background-image: url(&#039;https:\/\/canbenetvives.org\/wp-content\/uploads\/2024\/08\/fotos-Julen-51-rotated.jpeg&#039;)\">\n\n\t\t\t\n\t\t\t\t\t<\/div>\n\t\t\t\t\t\t\t\t<\/div>\n\t\t\t\t\t\t\t\t\t\t\t<div class=\"swiper-slide\" role=\"group\" aria-roledescription=\"slide\">\n\t\t\t\t\t\t\t\t\t<div class=\"elementor-carousel-image\" role=\"img\" aria-label=\"fotos-Julen (46)\" style=\"background-image: url(&#039;https:\/\/canbenetvives.org\/wp-content\/uploads\/2024\/08\/fotos-Julen-46-rotated.jpeg&#039;)\">\n\n\t\t\t\n\t\t\t\t\t<\/div>\n\t\t\t\t\t\t\t\t<\/div>\n\t\t\t\t\t\t\t\t\t\t\t<div class=\"swiper-slide\" role=\"group\" aria-roledescription=\"slide\">\n\t\t\t\t\t\t\t\t\t<div class=\"elementor-carousel-image\" role=\"img\" aria-label=\"fotos-Julen (40)\" style=\"background-image: url(&#039;https:\/\/canbenetvives.org\/wp-content\/uploads\/2024\/08\/fotos-Julen-40.jpeg&#039;)\">\n\n\t\t\t\n\t\t\t\t\t<\/div>\n\t\t\t\t\t\t\t\t<\/div>\n\t\t\t\t\t\t\t\t\t\t\t<div class=\"swiper-slide\" role=\"group\" aria-roledescription=\"slide\">\n\t\t\t\t\t\t\t\t\t<div class=\"elementor-carousel-image\" role=\"img\" aria-label=\"fotos-Julen (28)\" style=\"background-image: url(&#039;https:\/\/canbenetvives.org\/wp-content\/uploads\/2024\/08\/fotos-Julen-28-rotated.jpeg&#039;)\">\n\n\t\t\t\n\t\t\t\t\t<\/div>\n\t\t\t\t\t\t\t\t<\/div>\n\t\t\t\t\t\t\t\t\t<\/div>\n\t\t\t\t\t\t\t\t\t\t\t\t\t\t\t\t\t\t\t\t\t<\/div>\n\t\t\t\t<\/div>\n\t\t\t\t\t\t\t\t<\/div>\n\t\t\t\t<\/div>\n\t\t\t\t\t<\/div>\n\t\t\t\t<\/div>\n\t\t\t\t<\/div>\n\t\t","protected":false},"excerpt":{"rendered":"<p>Parque natural El Parc del Montnegre y el Corredor es un espacio natural protegido de 15.000 hect\u00e1reas, que recientemente ha sido nombrado, gracias a la mediaci\u00f3n de Can Benet Vives, Primer Parque de Silencio en Espa\u00f1a. Alberga 13 municipios de las comarcas catalanas del Maresme y del Vall\u00e8s Oriental. El Parc del Montnegre y el [&hellip;]<\/p>\n","protected":false},"author":97231,"featured_media":0,"parent":0,"menu_order":17,"comment_status":"closed","ping_status":"closed","template":"elementor_header_footer","meta":{"_acf_changed":false,"footnotes":""},"class_list":["post-10452","page","type-page","status-publish","hentry"],"acf":[],"_links":{"self":[{"href":"https:\/\/canbenetvives.org\/english\/wp-json\/wp\/v2\/pages\/10452","targetHints":{"allow":["GET"]}}],"collection":[{"href":"https:\/\/canbenetvives.org\/english\/wp-json\/wp\/v2\/pages"}],"about":[{"href":"https:\/\/canbenetvives.org\/english\/wp-json\/wp\/v2\/types\/page"}],"author":[{"embeddable":true,"href":"https:\/\/canbenetvives.org\/english\/wp-json\/wp\/v2\/users\/97231"}],"replies":[{"embeddable":true,"href":"https:\/\/canbenetvives.org\/english\/wp-json\/wp\/v2\/comments?post=10452"}],"version-history":[{"count":0,"href":"https:\/\/canbenetvives.org\/english\/wp-json\/wp\/v2\/pages\/10452\/revisions"}],"wp:attachment":[{"href":"https:\/\/canbenetvives.org\/english\/wp-json\/wp\/v2\/media?parent=10452"}],"curies":[{"name":"wp","href":"https:\/\/api.w.org\/{rel}","templated":true}]}}